{"id":696,"date":"2021-09-02T20:08:08","date_gmt":"2021-09-02T20:08:08","guid":{"rendered":"https:\/\/observatoriobinacional.politicas.unam.mx\/?page_id=696"},"modified":"2022-05-04T16:04:31","modified_gmt":"2022-05-04T16:04:31","slug":"amada-maria-arley-orduna","status":"publish","type":"page","link":"https:\/\/observatoriobinacional.politicas.unam.mx\/?page_id=696","title":{"rendered":"Amada Mar\u00eda Arley Ordu\u00f1a"},"content":{"rendered":"\t\t\t<!-- Flexy Breadcrumb -->\r\n\t\t\t<div class=\"fbc fbc-page\">\r\n\r\n\t\t\t\t<!-- Breadcrumb wrapper -->\r\n\t\t\t\t<div class=\"fbc-wrap\">\r\n\r\n\t\t\t\t\t<!-- Ordered list-->\r\n\t\t\t\t\t<ol class=\"fbc-items\" itemscope itemtype=\"https:\/\/schema.org\/BreadcrumbList\">\r\n\t\t\t\t\t\t            <li itemprop=\"itemListElement\" itemscope itemtype=\"https:\/\/schema.org\/ListItem\">\r\n                <span itemprop=\"name\">\r\n                    <!-- Home Link -->\r\n                    <a itemprop=\"item\" href=\"https:\/\/observatoriobinacional.politicas.unam.mx\">\r\n                    \r\n                                                    <i class=\"fa fa-home\" aria-hidden=\"true\"><\/i>Inicio                    <\/a>\r\n                <\/span>\r\n                <meta itemprop=\"position\" content=\"1\" \/><!-- Meta Position-->\r\n             <\/li><li><span class=\"fbc-separator\">\/<\/span><\/li><li class=\"active\" itemprop=\"itemListElement\" itemscope itemtype=\"https:\/\/schema.org\/ListItem\"><span itemprop=\"name\" title=\"Amada Mar\u00eda Arley Ordu\u00f1a\">Amada Mar\u00eda Arley Ordu\u00f1a<\/span><meta itemprop=\"position\" content=\"2\" \/><\/li>\t\t\t\t\t<\/ol>\r\n\t\t\t\t\t<div class=\"clearfix\"><\/div>\r\n\t\t\t\t<\/div>\r\n\t\t\t<\/div>\r\n\t\t\t\n<p>&nbsp;<\/p>\n<h2 style=\"text-align: center;\"><span style=\"font-family: 'book antiqua', palatino, serif; font-size: 24pt;\">Amada Mar\u00eda Arley Ordu\u00f1a<\/span><\/h2>\n<p><img loading=\"lazy\" decoding=\"async\" src=\"https:\/\/observatoriobinacional.politicas.unam.mx\/wp-content\/uploads\/2021\/09\/Amada-Maria-Arley-Ordun\u0303a.jpg\" alt=\"\" class=\"size-full wp-image-652 aligncenter\" width=\"285\" height=\"237\" \/><\/p>\n<p style=\"text-align: justify;\"><span>\u2022 Pionera mexicana en investigaciones y desarrollos de Resoluci\u00f3n electr\u00f3nica de disputas (ODR). Es Doctora en Derecho. Posgrado de Derecho de la UNAM, con estancia de doctorado en el cyber-laboratorio de Justicia de la Univerit\u00e9 de Montreal, Licenciada en Derecho por la UNAM ganadora del Primer lugar a \u201cLa mejor tesis de licenciatura de investigaciones de Am\u00e9rica del Norte, por el Centro de Investigaciones de Am\u00e9rica del Norte de la UNAM. Es egresada del Programa de Negociaci\u00f3n de la escuela de Derecho de Harvard. <\/span><\/p>\n<p style=\"text-align: justify;\"><span>\u2022 Actualmente es Consultor en Online Dispute Resolution &amp; Artifitial Intelligence, as\u00ed como Profesor asociado del Centro de Ciencias de la Complejidad C3 (UNAM) en donde lidera el equipo de desarrollo de la APP BUZON PREVENTIVO para el Acoso Sexual. Ha sido consultor externo para la Procuradur\u00eda Federal del Consumidor y del Tribunal Superior de Justicia de la CDMX \u2022 Fue Observador internacional en temas relacionados con soluciones alternativas de conflictos v\u00eda on-line en UNCINTRAL, y ha sido consultada por el Secretariado del Fondo de Cooperaci\u00f3n Asia \u2013 Pac\u00edfico (APEC) para los debates de los pa\u00edses miembros en torno al tema de soluci\u00f3n de conflictos en l\u00ednea en comercio electr\u00f3nico transfronterizo.<\/span><\/p>\n<p style=\"text-align: justify;\"><span> \u2022 Es miembro de diversos grupos de investigaci\u00f3n como el ODR Project, del National Center for Tecnology&amp;Dispute Resolution y la American Bar Assotiation, \u201cODR Blockchain Project\u201d para el European Cooperation in Science and Technology. <\/span><\/p>\n<p style=\"text-align: justify;\"><span>\u2022 Fue fundadora del Centro de Negociaci\u00f3n y Mediaci\u00f3n la Facultad de Derecho de la UNAM.<\/span><\/p>\n<p style=\"text-align: justify;\"><span>\u2022 Ponente en Congresos nacionales e internacionales en temas relacionados con Online Dispute Resolution&amp; Inteligencia Artificial, Am\u00e9rica del Norte y Latinoam\u00e9rica. \u2022 Miembro de la Academia Multidisciplinaria de Derecho y Tecnolog\u00edas de la Informaci\u00f3n<\/span><\/p>\n<p style=\"text-align: justify;\">Publicaciones recientes:<\/p>\n<ul>\n<li style=\"text-align: justify;\">\u201cM\u00e1s all\u00e1 del TLCAN, ASPAN \u00bfQu\u00e9 es y a d\u00f3nde vamos?\u201d Editorial Porr\u00faa. M\u00e9xico, 2012.<\/li>\n<li style=\"text-align: justify;\">\u201cResoluci\u00f3n electr\u00f3nica de disputas en el comercio electr\u00f3nico: Concilianet, an\u00e1lisis casu\u00edstico\u201d en <em>El abogado actual frente al derecho inform\u00e1tico y su ense\u00f1anza, <\/em>Evelyn T\u00e9llez, Alberto Ram\u00edrez y Miguel Casillas; Universidad Veracruzana, Centro de Investigaci\u00f3n e Innovaci\u00f3n en Tecnolog\u00edas de la Informaci\u00f3n y Comunicaci\u00f3n (INFOTEC), Veracruz, M\u00e9xico, 2017.<\/li>\n<li style=\"text-align: justify;\">\u201cNecesidad de un estado de derecho social internacional en materia de protecci\u00f3n al consumo electr\u00f3nico transfronterizo\u201d <em>Di\u00e1logos Jur\u00eddicos 2018<\/em>. Anuario de la Facultad de Derecho de la Universidad de Oviedo <em>Editorial ARANZADI Thomson Reuters, <\/em>Edici\u00f3n, Mayo 2018.<\/li>\n<\/ul>\n","protected":false},"excerpt":{"rendered":"<p>&nbsp; Amada Mar\u00eda Arley Ordu\u00f1a \u2022 Pionera mexicana en investigaciones y desarrollos de Resoluci\u00f3n electr\u00f3nica de disputas (ODR). Es Doctora en Derecho. Posgrado de Derecho de la UNAM, con estancia de doctorado en el cyber-laboratorio de Justicia de la Univerit\u00e9 de Montreal, Licenciada en Derecho por la UNAM ganadora del [&hellip;]<\/p>\n","protected":false},"author":1,"featured_media":0,"parent":328,"menu_order":0,"comment_status":"closed","ping_status":"closed","template":"","meta":{"footnotes":""},"class_list":["post-696","page","type-page","status-publish","hentry"],"_links":{"self":[{"href":"https:\/\/observatoriobinacional.politicas.unam.mx\/index.php?rest_route=\/wp\/v2\/pages\/696","targetHints":{"allow":["GET"]}}],"collection":[{"href":"https:\/\/observatoriobinacional.politicas.unam.mx\/index.php?rest_route=\/wp\/v2\/pages"}],"about":[{"href":"https:\/\/observatoriobinacional.politicas.unam.mx\/index.php?rest_route=\/wp\/v2\/types\/page"}],"author":[{"embeddable":true,"href":"https:\/\/observatoriobinacional.politicas.unam.mx\/index.php?rest_route=\/wp\/v2\/users\/1"}],"replies":[{"embeddable":true,"href":"https:\/\/observatoriobinacional.politicas.unam.mx\/index.php?rest_route=%2Fwp%2Fv2%2Fcomments&post=696"}],"version-history":[{"count":4,"href":"https:\/\/observatoriobinacional.politicas.unam.mx\/index.php?rest_route=\/wp\/v2\/pages\/696\/revisions"}],"predecessor-version":[{"id":1976,"href":"https:\/\/observatoriobinacional.politicas.unam.mx\/index.php?rest_route=\/wp\/v2\/pages\/696\/revisions\/1976"}],"up":[{"embeddable":true,"href":"https:\/\/observatoriobinacional.politicas.unam.mx\/index.php?rest_route=\/wp\/v2\/pages\/328"}],"wp:attachment":[{"href":"https:\/\/observatoriobinacional.politicas.unam.mx\/index.php?rest_route=%2Fwp%2Fv2%2Fmedia&parent=696"}],"curies":[{"name":"wp","href":"https:\/\/api.w.org\/{rel}","templated":true}]}}